{"version":"1.0","provider_name":"Wofulo","provider_url":"https:\/\/wofuloh.cafeblog.hu","author_name":"Wofulo","author_url":"https:\/\/wofuloh.cafeblog.hu\/author\/wofulo\/","title":"B\u0151r r\u00e1k","html":"<h2>B\u0151r r\u00e1k <\/h2>\n<p style=\"clear: both\"><img src=\"http:\/\/d3uvftrc1dft4t.cloudfront.net\/sites\/all\/themes\/about_cancer\/images\/background-trans.png\" \/><\/p>\n<h2>K\u00e9pek a b\u0151rr\u00e1kr\u00f3l<\/h2>\n<p>A b\u0151rr\u00e1k nagyon k\u00fcl\u00f6nb\u00f6z\u0151 lehet. Lehetnek<\/p>\n<p><ul>\n  <li>egy folt vagy f\u00e1j\u00f3<\/li>\n  <li>egy csom\u00f3<\/li>\n  <li>piros vagy s\u00f6t\u00e9t folt<\/li>\n  <li>viszket\u00f5, ropog\u00f3s, v\u00e9rz\u00f5<\/li>\n<\/ul>\n<\/p>\n<p>Min\u00e9l el\u0151bb meg\u00e1llap\u00edtj\u00e1k a b\u0151rr\u00e1kot, ann\u00e1l k\u00f6nnyebb kezelni. Teh\u00e1t fontos, hogy a lehet\u0151 leghamarabb l\u00e1togassa meg a GP-t, ha v\u00e1ltoz\u00e1st \u00e9szlel a b\u0151r\u00e9n.<\/p>\n<h2>Keresi a b\u0151rr\u00e1k jeleit<\/h2>\n<p>A nem melanoma b\u0151rr\u00e1k \u00e1ltal\u00e1ban a napsug\u00e1rz\u00e1s hat\u00e1s\u00e1ra alakul ki.<\/p>\n<p>A b\u0151rr\u00e1k korai megfigyel\u00e9s\u00e9re seg\u00edt megismerni a b\u0151r norm\u00e1lis megjelen\u00e9s\u00e9t. \u00cdgy k\u00f6nnyebben \u00e9szlelheti a v\u00e1ltoz\u00e1sokat. Annak \u00e9rdek\u00e9ben, hogy ellen\u0151rizze a h\u00e1t\u00e1t vagy m\u00e1s ter\u00fcleteket, amelyeket nem l\u00e1that k\u00f6nnyed\u00e9n, ellen\u0151rizze partner\u00e9t vagy megb\u00edzhat\u00f3 bar\u00e1tj\u00e1t. Ez nagyon fontos, ha rendszeresen napk\u00f6zben dolgozik a munka vagy a szabadid\u0151 alatt.<\/p>\n<h2>B\u00e1zikus sejtes b\u0151rr\u00e1kok<\/h2>\n<p>K\u00fcl\u00f6nb\u00f6z\u0151 t\u00edpus\u00fa baz\u00e1lis sejtb\u0151rr\u00e1kok l\u00e9teznek:<\/p>\n<p><ul>\n  <li>csom\u00f3s basalis sejtr\u00e1k<\/li>\n  <li>pigment\u00e1lt basalis sejtr\u00e1kot<\/li>\n  <li>morf\u00f3ma basalis sejt karcin\u00f3ma<\/li>\n<\/ul>\n<\/p>\n<h2>Nodularis basalis sejtr\u00e1k<\/h2>\n<p>A nodularis basalis sejtr\u00e1kok \u00e1ttetsz\u0151nek t\u0171nnek \u00e9s gyakran l\u00e1tj\u00e1k az ereket. N\u00e9ha f\u00e1jdalmas (fek\u00e9lyezett) ter\u00fclet van a k\u00f6zpontban.<\/p>\n<p style=\"clear: both\"> <img src=\"http:\/\/d3uvftrc1dft4t.cloudfront.net\/sites\/default\/files\/thumbnails\/image\/basal_cell.png\" \/> <img src=\"http:\/\/d3uvftrc1dft4t.cloudfront.net\/sites\/default\/files\/thumbnails\/image\/basal_cell3.png\" \/> <img src=\"http:\/\/d3uvftrc1dft4t.cloudfront.net\/sites\/default\/files\/thumbnails\/image\/basel_cell2.png\" \/><\/p>\n<h2>Pigment\u00e1lt b\u00e1zissejtes r\u00e1k<\/h2>\n<p>A pigment\u00e1lt baz\u00e1lis sejtr\u00e1kok s\u00f6t\u00e9t ter\u00fcletek, \u00e9s \u00fagy t\u0171nhetnek, mint a szem\u00f6lcs\u00f6k vagy n\u00e9ha a melanoma.<\/p>\n<p style=\"clear: both\"><ul>\n  <li>Tudjon meg t\u00f6bbet a melanom\u00e1r\u00f3l<\/li>\n<\/ul>\n<img style=\"float: left;margin: 0 10px 5px 0\" src=\"http:\/\/d3uvftrc1dft4t.cloudfront.net\/sites\/default\/files\/thumbnails\/image\/pigmented_basal.png\" \/><img style=\"float: left;margin: 0 10px 5px 0\" src=\"http:\/\/d3uvftrc1dft4t.cloudfront.net\/sites\/default\/files\/thumbnails\/image\/pigmented_basal2.png\" \/><\/p>\n<h2>Morf\u00f3si basalis sejtr\u00e1k<\/h2>\n<p>Kimondva mor-fee-ic, ez a fajta baz\u00e1lis sejt b\u0151rr\u00e1k t\u0171nhet, mint egy f\u00e1j\u00f3 ter\u00fclet a b\u0151r\u00f6n, amely nem gy\u00f3gyul. Ha ilyen ter\u00fcleten m\u00e1r t\u00f6bb mint 3 h\u00e9tig van ilyen, fontos, hogy megn\u00e9zze orvos\u00e1t. Ez a t\u00edpus is \u00fagy n\u00e9z ki, mint egy heg vagy egy megvastagodott b\u0151rfel\u00fclet, amely nagyon lassan n\u00f6vekszik.<\/p>\n<p style=\"clear: both\"> <img src=\"http:\/\/d3uvftrc1dft4t.cloudfront.net\/sites\/default\/files\/thumbnails\/image\/morphoeic2.png\" \/> <img src=\"http:\/\/d3uvftrc1dft4t.cloudfront.net\/sites\/default\/files\/thumbnails\/image\/morphoeic_basal.png\" \/><\/p>\n<h2>Squamous cell b\u0151rr\u00e1k<\/h2>\n<p>A squamous cell\u00e1k b\u0151rr\u00e1kja v\u00e1ltoz\u00f3 lehet a kin\u00e9zet\u00fckben. \u00c1ltal\u00e1ban a napf\u00e9nynek kitett b\u0151rfel\u00fcleteken fordulnak el\u0151, mint a fejb\u0151r vagy a f\u00fcl.<\/p>\n<p style=\"clear: both\"> <img src=\"http:\/\/d3uvftrc1dft4t.cloudfront.net\/sites\/default\/files\/thumbnails\/image\/squamous.png\" \/> <img src=\"http:\/\/d3uvftrc1dft4t.cloudfront.net\/sites\/default\/files\/thumbnails\/image\/squamous2.png\" \/> <img src=\"http:\/\/d3uvftrc1dft4t.cloudfront.net\/sites\/default\/files\/thumbnails\/image\/squamous3.png\" \/> <img src=\"http:\/\/d3uvftrc1dft4t.cloudfront.net\/sites\/default\/files\/thumbnails\/image\/squamous_scalp.png\" \/> <img src=\"http:\/\/d3uvftrc1dft4t.cloudfront.net\/sites\/default\/files\/thumbnails\/image\/squamous_ear.png\" \/><\/p>\n<p>K\u00f6sz\u00f6net Dr. Charlotte Proby sz\u00e1m\u00e1ra az enged\u00e9ly\u00e9rt \u00e9s a fot\u00f3z\u00e1shoz.<\/p>\n<p>Az orvosnak t\u00e1j\u00e9koztatnia kell, ha rendelkezik:<\/p>\n<p><ul>\n  <li>olyan folt vagy f\u00e1jdalom, amely nem gy\u00f3gyul meg 4 h\u00e9ten bel\u00fcl<\/li>\n  <li>olyan folt vagy f\u00e1j\u00f3 f\u00e1jdalom, amely f\u00e1j, viszket\u0151, ropog\u00f3s, sz\u00fanyog vagy t\u00f6bb mint 4 h\u00e9tig v\u00e9rzik<\/li>\n  <li>olyan ter\u00fcleteken, ahol a b\u0151r lebomlott (fek\u00e9ly), \u00e9s nem gy\u00f3gyul meg 4 h\u00e9ten bel\u00fcl, \u00e9s erre a v\u00e1ltoz\u00e1sra nem gondolhat<\/li>\n<\/ul>\n<\/p>\n<p>Orvosa eld\u00f6ntheti, hogy sz\u00fcks\u00e9g van-e b\u00e1rmilyen tesztre.<\/p>\n<h2>Mi a baz\u00e1lis \u00e9s a v\u00e9kony sejtes b\u0151rr\u00e1k?<\/h2>\n<p>A r\u00e1k akkor kezd\u0151dik, amikor a test sejtjei elkezdenek n\u00f6vekedni. A szervezet szinte b\u00e1rmelyik r\u00e9sz\u00e9ben l\u00e9v\u0151 sejtek r\u00e1kos sejtekk\u00e9 v\u00e1lhatnak. Ha t\u00f6bbet szeretne tudni arr\u00f3l, hogy a r\u00e1kok hogyan kezdenek elterjedni \u00e9s terjedni, n\u00e9zze meg, mi a r\u00e1k?<\/p>\n<p>A b\u0151rr\u00e1k akkor kezd\u0151dik, amikor a b\u0151rben l\u00e9v\u0151 sejtek kontroll\u00e1l\u00f3dni kezdenek.<\/p>\n<p style=\"clear: both\"><img src=\"https:\/\/www.cancer.org\/etc\/designs\/default\/0.gif\" \/><\/p>\n<p style=\"clear: both\"><img src=\"https:\/\/www.cancer.org\/cancer\/basal-and-squamous-cell-skin-cancer\/about\/what-is-basal-and-squamous-cell\/_jcr_content\/par\/textimage\/image.img.jpg\/1518038204549.jpg\" \/><\/p>\n<h2>A b\u0151rsejtek t\u00edpusai<\/h2>\n<p>A b\u0151r fels\u0151 r\u00e9teg\u00e9ben 3 f\u0151 t\u00edpus\u00fa sejt tal\u00e1lhat\u00f3 (az \u00fagynevezett <i>felh\u00e1m<\/i>):<\/p>\n<p><ul>\n  <li><b>Squamous sejtek:<\/b> Ezek az epidermisz k\u00fcls\u0151 r\u00e9sz\u00e9ben l\u00e9v\u0151 lapos sejtek, amelyek folyamatosan \u00faj form\u00e1kk\u00e1 v\u00e1lnak.<\/li>\n  <li><b>B\u00e1zikus sejtek:<\/b> Ezek a sejtek az epidermisz als\u00f3 r\u00e9sz\u00e9n vannak, az \u00fagynevezett <i>baz\u00e1lis sejtr\u00e9teg<\/i>. Ezek a sejtek folyamatosan oszt\u00f3dnak, hogy \u00faj sejteket k\u00e9pezzenek, hogy felv\u00e1lts\u00e1k a b\u0151r fel\u00fclet\u00e9t elkop\u00f3 lapos sejteket. Mivel ezek a sejtek felfel\u00e9 mozdulnak fel az epidermiszben, finomabbak lesznek, v\u00e9g\u00fcl lapos sejtekk\u00e9 v\u00e1lnak.<\/li>\n  <li><b>A melanocit\u00e1k:<\/b> Ezek a sejtek a barna pigmentet h\u00edvj\u00e1k <i>melanin<\/i>, amely barna vagy barna sz\u00edn\u0171v\u00e9 teszi a b\u0151rt. A melanin a szervezet term\u00e9szetes f\u00e9nyv\u00e9d\u0151jek\u00e9nt m\u0171k\u00f6dik, \u00e9s v\u00e9di a b\u0151r m\u00e9lyebb r\u00e9tegeit a nap k\u00e1ros hat\u00e1sait\u00f3l. A legt\u00f6bb ember sz\u00e1m\u00e1ra, ha a b\u0151r napsug\u00e1rz\u00e1snak van kit\u00e9ve, a melanocyt\u00e1k jobban el\u0151\u00e1ll\u00edtj\u00e1k a pigmentet, \u00e9s a b\u0151rt tan\u00edtj\u00e1k vagy s\u00f6t\u00e9tednek.<\/li>\n<\/ul>\n<\/p>\n<p>Az epidermisz a m\u00e9lyebb b\u0151rr\u00e9tegekr\u0151l van elv\u00e1lasztva az aljzat membr\u00e1nj\u00e1t\u00f3l. Amikor a b\u0151rr\u00e1k egyre fejlettebb\u00e9 v\u00e1lik, \u00e1ltal\u00e1ban ez a g\u00e1t \u00e9s a m\u00e9lyebb r\u00e9tegeken kereszt\u00fcl n\u00f6vekszik.<\/p>\n<h2>A b\u0151rr\u00e1k t\u00edpusai<\/h2>\n<h3>Basszussejtes karcin\u00f3ma<\/h3>\n<p>Ez a leggyakoribb b\u0151rr\u00e1k. 10 b\u0151rr\u00e1k k\u00f6z\u00fcl 8 az alapsejt-karcin\u00f3ma (m\u00e1s n\u00e9ven <i>basalis sejtr\u00e1kot<\/i>). Mikroszk\u00f3p alatt l\u00e1that\u00f3, hogy ezek a r\u00e1kok a sejtek az als\u00f3 epiderm\u00e1lis r\u00e9tegben, a <i>baz\u00e1lis sejtr\u00e9teg<\/i>.<\/p>\n<p>Ezek a r\u00e1kok rendszerint napf\u00e9nynek kitett ter\u00fcleteken, k\u00fcl\u00f6n\u00f6sen a fej \u00e9s a nyak ter\u00fclet\u00e9n jelentkeznek. Ezek a r\u00e1kok lassan n\u0151nek. Nagyon ritka, hogy egy baz\u00e1lis sejtr\u00e1k terjed a test m\u00e1s r\u00e9szeire. De ha egy baz\u00e1lis sejtr\u00e1kot kezeletlen\u00fcl hagynak, akkor a k\u00f6zeli ter\u00fcletekre n\u0151het, \u00e9s behatolhatja a csontot vagy m\u00e1s sz\u00f6veteket a b\u0151r alatt.<\/p>\n<p>Ha nem t\u00e1vol\u00edtj\u00e1k el teljesen, az alapsejtes karcin\u00f3ma visszat\u00e9rhet (visszat\u00e9r) ugyanazon a helyen a b\u0151r\u00f6n. Azok a betegek, akikn\u00e9l a baz\u00e1lis sejtek b\u0151rr\u00e1kja is van, nagyobb val\u00f3sz\u00edn\u0171s\u00e9ggel \u00faj helyeket kapnak m\u00e1s helyeken.<\/p>\n<h3>Squamous cell carcinoma<\/h3>\n<p>A b\u0151rr\u00e1k k\u00f6r\u00fclbel\u00fcl 2-b\u0151l 2 a laph\u00e1msejtes karcin\u00f3ma (m\u00e1s n\u00e9ven <i>pikkelysejtes daganatok<\/i>). A r\u00e1kok sejtjei \u00fagy n\u00e9znek ki, mint a b\u0151r k\u00fcls\u0151 r\u00e9tegeiben l\u00e1that\u00f3 pikkelyes sejtek rendellenes v\u00e1ltozatai.<\/p>\n<p>Ezek a r\u00e1kok gyakran megjelennek a szervezet napf\u00e9nynek kitett ter\u00fcletein, mint p\u00e9ld\u00e1ul az arc, a f\u00fclek, a nyak, az ajkak \u00e9s a kezek h\u00e1ts\u00f3 r\u00e9sze. M\u00e1shol is el\u0151fordulhatnak sebek vagy kr\u00f3nikus b\u0151relv\u00e1ltoz\u00e1sok. Ezek n\u00e9ha aktinikus kerat\u00f3zisban kezd\u0151dnek (l\u00e1sd al\u00e1bb). Ritk\u00e1bban a nemi szervek b\u0151r\u00e9n alakulnak ki.<\/p>\n<p>A squamous sejtes r\u00e1kok nagyobb val\u00f3sz\u00edn\u0171s\u00e9ggel n\u0151nek a b\u0151r m\u00e9lyebb r\u00e9tegei k\u00f6z\u00e9, \u00e9s elterjednek a test m\u00e1s r\u00e9szein, mint a baz\u00e1lis sejtes r\u00e1kok, b\u00e1r ez m\u00e9g mindig nem gyakori.<\/p>\n<p><b>keratoakantoma<\/b> olyan dombor\u00fa daganatok, amelyek a napf\u00e9nynek kitett b\u0151r\u00f6n tal\u00e1lhat\u00f3k. Gyorsan n\u00f6vekedhetnek, de n\u00f6veked\u00e9s\u00fck \u00e1ltal\u00e1ban lelassul. Sz\u00e1mos keratoacanthoma zsugorodik, vagy ak\u00e1r teljesen el is t\u00e1vozik az id\u0151 m\u00fal\u00e1s\u00e1val, b\u00e1rmilyen kezel\u00e9s n\u00e9lk\u00fcl. De egyesek tov\u00e1bb n\u0151nek, \u00e9s n\u00e9h\u00e1nyan a test m\u00e1s r\u00e9szeire is terjedhetnek. N\u00f6veked\u00e9s\u00fcket gyakran neh\u00e9z megj\u00f3solni, ez\u00e9rt sok b\u0151rr\u00e1k-szak\u00e9rt\u0151 \u00fagy v\u00e9li, hogy azok egyfajta laph\u00e1msejtes b\u0151rr\u00e1k, \u00e9s ilyeneket kezelnek.<\/p>\n<p>Ezek a r\u00e1kok a melanocyt\u00e1kb\u00f3l, a b\u0151r pigmentk\u00e9pz\u0151 sejtjeib\u0151l alakulnak ki. A melanocit\u00e1k j\u00f3indulat\u00fa (nem r\u00e1kos) n\u00f6veked\u00e9seket is l\u00e9trehozhatnak <i>mol<\/i>. A melan\u00f3m\u00e1k sokkal kev\u00e9sb\u00e9 gyakoriak, mint a baz\u00e1lis \u00e9s a laph\u00e1msejtes daganatok, de nagyobb val\u00f3sz\u00edn\u0171s\u00e9ggel n\u0151nek \u00e9s terjednek, ha nem kezelik \u0151ket. Melan\u00f3ma \u00e9s m\u00e9hcselekm\u00e9nyek a melanoma b\u0151rr\u00e1kban t\u00e1rgyalt\u00e1k.<\/p>\n<h3>Kev\u00e9sb\u00e9 gyakori t\u00edpus\u00fa b\u0151rr\u00e1k<\/h3>\n<p>M\u00e1s t\u00edpus\u00fa b\u0151rr\u00e1k sokkal kev\u00e9sb\u00e9 gyakori, \u00e9s m\u00e1sk\u00e9ppen kezelik. Ezek tartalmazz\u00e1k:<\/p>\n<p>Ezek egy\u00fcttesen az \u00f6sszes b\u0151rr\u00e1k kevesebb mint 1% -\u00e1t teszik ki.<\/p>\n<h2>Pre-r\u00e1kos \u00e9s el\u0151-invaz\u00edv b\u0151relv\u00e1ltoz\u00e1sok<\/h2>\n<p>Ezek a betegs\u00e9gek b\u0151rr\u00e1k kialakul\u00e1s\u00e1hoz vezethetnek, vagy a b\u0151rr\u00e1k nagyon korai szakaszai lehetnek.<\/p>\n<h3>Actinic keratosis (szol\u00e1ris kerat\u00f3zis)<\/h3>\n<p>Actinic keratosis (AK), m\u00e1s n\u00e9ven <i>szaruh\u00e1rtya<\/i>, egy r\u00e1kos r\u00e1kos \u00e1llapot, melyet t\u00fals\u00e1gosan nagy a naps\u00fct\u00e9s okoz. AK-k \u00e1ltal\u00e1ban kicsiek (kisebb, mint 1\/4 h\u00fcvelyk \u00e1tm\u00e9r\u0151j\u0171ek), durva vagy pikkelyes foltok, amelyek r\u00f3zsasz\u00edn-v\u00f6r\u00f6s vagy h\u00fasszer\u0171ek lehetnek. \u00c1ltal\u00e1ban az arcokon, a f\u00fcl\u00f6n, a kezek h\u00e1t\u00e1n \u00e9s a k\u00f6z\u00e9pkor\u00fa vagy id\u0151sebb emberek fegyverein kezdik a b\u0151rt, b\u00e1r m\u00e1s napsug\u00e1rz\u00e1snak kitett ter\u00fcleteken el\u0151fordulhatnak. Azok, akiknek vannak, \u00e1ltal\u00e1ban t\u00f6bbet alakulnak ki.<\/p>\n<p>AKs \u00e1ltal\u00e1ban lassan n\u00f6vekszik, \u00e9s \u00e1ltal\u00e1ban nem okoz semmilyen t\u00fcneteket (b\u00e1r egyesek lehetnek viszket\u0151ek vagy f\u00e1jdalmasak). N\u00e9ha elmenek\u00fclnek, de visszaj\u00f6nnek.<\/p>\n<p>Egyes AK-k pikkelysejtes b\u0151rr\u00e1kokk\u00e1 v\u00e1lhatnak. A legt\u00f6bb AK nem v\u00e1lik r\u00e1kk\u00e1, de neh\u00e9z lehet n\u00e9ha megmondani nekik, hogy eltekintenek a val\u00f3di b\u0151rr\u00e1kokt\u00f3l, ez\u00e9rt az orvosok gyakran javasolj\u00e1k kezel\u00e9s\u00fcket. Ha nem kezelik, akkor \u00d6nnek \u00e9s orvos\u00e1nak rendszeresen ellen\u0151riznie kell azokat a v\u00e1ltoz\u00e1sokat, amelyek a b\u0151rr\u00e1k jelei lehetnek.<\/p>\n<h3>Squamous cell carcinoma in situ (Bowen-betegs\u00e9g)<\/h3>\n<p>A squamous cell carcinoma in situ, m\u00e1s n\u00e9ven Bowen-betegs\u00e9g, a legkor\u00e1bbi form\u00e1ja a laph\u00e1msejtes b\u0151rr\u00e1k. \"In situ\" azt jelenti, hogy ezeknek a r\u00e1koknak a sejtjei m\u00e9g mindig csak az epidermiszben (a b\u0151r fels\u0151 r\u00e9tege) vannak, \u00e9s nem m\u00e9lyebb r\u00e9tegekbe \u00fctk\u00f6znek.<\/p>\n<p>A Bowen-betegs\u00e9g v\u00f6r\u00f6ses foltokk\u00e9nt jelenik meg. Az AK-kkel \u00f6sszehasonl\u00edtva a Bowen-f\u00e9le tapaszok \u00e1ltal\u00e1ban nagyobbak (n\u00e9ha t\u00f6bb mint \u00bd h\u00fcvelyk \u00e1tm\u00e9r\u0151j\u0171ek), v\u00f6r\u00f6sebbek, pattog\u00f3ak, \u00e9s n\u00e9ha r\u00e1ncosak. Mint az AK, a Bowen-betegs\u00e9g \u00e1ltal\u00e1ban nem okoz t\u00fcneteket, b\u00e1r lehet viszket\u0151 vagy f\u00e1j\u00f3.<\/p>\n<p>Mint a legt\u00f6bb m\u00e1s b\u0151rr\u00e1k (\u00e9s AKs), ezek a tapaszok gyakran a napsug\u00e1rz\u00e1snak kitett ter\u00fcleteken jelennek meg. Bowen-betegs\u00e9g el\u0151fordulhat az an\u00e1lis \u00e9s genit\u00e1lis ter\u00fcletek b\u0151r\u00e9ben (ahol az \u00fagynevezett <i>a Queyrat erythropl\u00e1zi\u00e1ja<\/i> vagy <i>Bowenoid papul\u00f3zis<\/i>). Ez gyakran kapcsol\u00f3dik a hum\u00e1n papillomav\u00edrusok (HPV-k) szexu\u00e1lis \u00faton terjed\u0151 fert\u0151z\u00e9s\u00e9hez, a v\u00edrusokhoz, amelyek genit\u00e1lis szem\u00f6lcs\u00f6ket is okozhatnak.<\/p>\n<p>A Bowen-betegs\u00e9g n\u00e9ha el\u0151fordulhat az invaz\u00edv pikkelysejtes b\u0151rr\u00e1k miatt, ez\u00e9rt az orvosok \u00e1ltal\u00e1ban azt javasolj\u00e1k, hogy kezelj\u00e9k. Azok, akiknek ezek vannak, szint\u00e9n nagyobb kock\u00e1zattal j\u00e1rnak a t\u00f6bbi b\u0151rr\u00e1k eset\u00e9ben, \u00edgy az orvoshoz val\u00f3 szoros k\u00f6vet\u00e9s fontos.<\/p>\n<h2>J\u00f3indulat\u00fa b\u0151rdaganatok<\/h2>\n<p>A legt\u00f6bb b\u0151rbetegs\u00e9g j\u00f3indulat\u00fa (nem r\u00e1kos), \u00e9s ritk\u00e1n, ha valaha is daganatos betegs\u00e9gg\u00e9 v\u00e1lik. Sokf\u00e9le j\u00f3indulat\u00fa daganat van, t\u00f6bbek k\u00f6z\u00f6tt:<\/p>\n<p><ul>\n  <li>A legt\u00f6bb t\u00edpus\u00fa <b>mol<\/b> (l\u00e1sd a melan\u00f3ma b\u0151rr\u00e1k\u00e1t t\u00f6bbet a m\u00f3lokr\u00f3l)<\/li>\n  <li><b>Seborrheic keratosisok:<\/b> barn\u00e1s, vagy fekete foltok viaszos text\u00far\u00e1j\u00fa, esetenk\u00e9nt kiss\u00e9 durva \u00e9s morzsol\u00f3d\u00f3 fel\u00fcletre, ha a l\u00e1bakon vannak (m\u00e1s n\u00e9ven <i>stukk\u00f3 kerat\u00f3zis<\/i>)<\/li>\n  <li><b>hemangiomas:<\/b> j\u00f3indulat\u00fa v\u00e9red\u00e9nyek n\u00f6veked\u00e9s\u00e9t, amelyet gyakran neveznek <i>eper foltok<\/i><\/li>\n  <li><b>lip\u00f3m\u00e1kat:<\/b> zs\u00edrsejtekb\u0151l \u00e1ll\u00f3 l\u00e1gy daganatok<\/li>\n  <li><b>szem\u00f6lcs\u00f6k:<\/b> durva fel\u00fclet\u0171 n\u00f6v\u00e9nyek \u00e1ltal okozott bizonyos t\u00edpus\u00fa hum\u00e1n papilloma v\u00edrus (HPV)<\/li>\n<\/ul>\n<\/p>\n","type":"rich"}