{"version":"1.0","provider_name":"Wofulo","provider_url":"https:\/\/wofuloh.cafeblog.hu","author_name":"Wofulo","author_url":"https:\/\/wofuloh.cafeblog.hu\/author\/wofulo\/","title":"T\u00e9ma: kemo a mastectomia ut\u00e1n","html":"<h2>T\u00e9ma: kemo a mastectomia ut\u00e1n<\/h2>\n<h2>F\u00f3rum: ILC (Invasive Lobular Carcinoma) - Csak diagnosztiz\u00e1lt, kezelt vagy befejezett kezel\u00e9s az ILC sz\u00e1m\u00e1ra.<\/h2>\n<p>Bek\u00fcldve: 2007. augusztus 6., 01:09<\/p>\n<p><strong>neeliecar<\/strong> \u00edrt:<\/p>\n<p>Beteg Lobularis Carcinoma diagnosztiz\u00e1ltak. El\u0151sz\u00f6r azt mondt\u00e1k nekem, hogy k\u00f6r\u00fclbel\u00fcl 8 mm, \u00e9s most az MRI ut\u00e1n, azt mondj\u00e1k, k\u00f6r\u00fclbel\u00fcl 2 cm (de val\u00f3sz\u00edn\u0171leg biopszi\u00e1s duzzanattal, de a biopszia 2 h\u00e9ttel az MRI el\u0151tt). Azt mondt\u00e1k nekem, ha a t\u00f6meg meghaladja az 1 cm-t, hogy kemoter\u00e1pi\u00e1t kell csin\u00e1lnom, t\u00e9nyleg nem akarom ezt megtenni, ez\u00e9rt a mastectomia fel\u00e9 hajolok, de azt olvastam, hogy sok n\u0151nek egy\u00e9bk\u00e9nt kemoter\u00e1pi\u00e1t kell mastechomy. Ez val\u00f3ban \u00edgy van. A seb\u00e9sz \u00fagy gondolja, hogy meg kell csin\u00e1lnom a lumpectomi\u00e1t, hogy megn\u00e9zzem a t\u00e9nyleges m\u00e9retet \u00e9s a sz\u00ednpadat, majd d\u00f6nt\u00e9st hozhassanak a masztekt\u00f3mia vonatkoz\u00e1s\u00e1ban. 54 \u00e9ves vagyok a csal\u00e1dom mindk\u00e9t oldal\u00e1n a mellr\u00e1k miatt, \u00e9s tudom, hogy minden nap fel fogok \u00e9bredni, vajon mikor t\u00e9r vissza, ahogy az ap\u00e1m oldal\u00e1n van. A legt\u00f6bb ember \u00fagy \u00e9rzi, hogy az \u00e9n d\u00f6nt\u00e9sem, hogy a mastectomia jobb lesz sz\u00e1momra, mivel nagyon elfoglalt \u00e9letem van, \u00e9s min\u00e9l hamarabb vissza akarok menni. Nem akarok kemo-t csin\u00e1lni. Tudna valaki megmondani nekem, vajon sz\u00fcks\u00e9ges-e a kemo a mastectomi\u00e1val? Min\u00e9l t\u00f6bbet olvasok \u00e9s l\u00e1tok, ann\u00e1l zavarosabb vagyok. ER, PR + \u00e9s HERS negat\u00edv vagyok, \u00e9s ezen a ponton nincs nyirokcsom\u00f3 inv\u00e1zi\u00f3. Grade 2.Neeliecar<\/p>\n<p>oldal <strong>1<\/strong> 1 (5 eredm\u00e9ny)<\/p>\n<p><strong>Hozz\u00e1sz\u00f3l\u00e1sok<\/strong> 1 - 5 (\u00f6sszesen 5)<\/p>\n<p> <strong>2007. augusztus 6., 01:30<\/strong> <strong>MargaretB<\/strong> \u00edrt:<\/p>\n<p>Hi Neeliecar, 49 \u00e9ves koromban diagnosztiz\u00e1lt\u00e1k a jobb mellemet. K\u00e9t okok miatt v\u00e1lasztottam k\u00e9toldal\u00fa okokb\u00f3l: csal\u00e1di t\u00f6rt\u00e9nelem (anya \u00e9s n\u0151v\u00e9r), szimmetria, \u00e9s nem akartam v\u00e1rni a m\u00e1sik cip\u0151re. Amikor a daganatos t\u00e1bor azt mondta nekem, l\u00e1tt\u00e1k a meszesed\u00e9seket a bal oldalon, ami meger\u0151s\u00edtette a k\u00e9toldal\u00fa d\u00f6nt\u00e9st. Mind a BS, mind a PS azt mondta, hogy nincs k\u00e9m, de az onc. nem \u00e9rtett egyet. Volt egy m\u00e1sodik v\u00e9lem\u00e9nyem, \u00e9s egyet\u00e9rtett az onc-vel. A kemo minden k\u00f3bor sz\u00fcnetet tart. Volt egy csom\u00f3 nyirokcsom\u00f3 aktivit\u00e1som, \u00edgy kemoter\u00e1pi\u00e1s volt. Ez a legjobb es\u00e9lye, hogy el\u0151sz\u00f6r kem\u00e9nyen \u00fcti. \u00c9n nem is akartam foglalkozni a \"kellett, volna\", ha vissza. A d\u00f6nt\u00e9shez k\u00e9nyelmesen kell \u00e9reznie mag\u00e1t. A Chemo nem sz\u00f3rakoztat\u00f3, de megval\u00f3s\u00edthat\u00f3.<\/p>\n<p> <strong>2007. augusztus 6., 01:47<\/strong> <strong>karen1956<\/strong> \u00edrt:<\/p>\n<p>Neeliecar - Mindk\u00e9t seb\u00e9sz \u00e1ltal aj\u00e1nlott bilat volt. A jobb mell \u00e9s a nyirok tele volt r\u00e1kkal. A bal mell daganatos volt. A m\u0171t\u00e9t el\u0151tt tudtam, hogy a kemo a k\u00e1rty\u00e1kon van. Kider\u00fclt, hogy sz\u00fcks\u00e9gem volt r\u00e1. A m\u0171t\u00e9t el\u0151tti 2. st\u00e1diumban voltam, majd a m\u0171t\u00e9t ut\u00e1n a 3. st\u00e1diumba. Ha k\u00e9rd\u00e9sei vannak, tal\u00e1n kaphat egy m\u00e1sodik v\u00e9lem\u00e9nyt. Ahogy Mahr\u00e9t azt mondta, j\u00f3l kell \u00e9reznie mag\u00e1t a d\u00f6nt\u00e9se miatt. \u00c9s a kemo HARD, de megval\u00f3s\u00edthat\u00f3. Minden j\u00f3t neked.<\/p>\n<p> <strong>2007. augusztus 6., 02:23<\/strong> <strong>gracejon<\/strong> \u00edrt:<\/p>\n<p>A v\u00e1laszom a \"Csak diagnosztiz\u00e1lva\" sz\u00e1l k\u00e9rd\u00e9s\u00e9re. J\u00f3 szerencs\u00e9t mindent!<\/p>\n<p> <strong>2007. augusztus 6. 15:13<\/strong> <strong>marshakb<\/strong> \u00edrt:<\/p>\n<p>A m\u00e9ret \u00e9s a csom\u00f3pont \u00e1llapot\u00e1t\u00f3l f\u00fcgg. Volt egy \u00e1rbocom, de m\u00e9g mindig kellett k\u00e9miai \u00e9s rads, mert a tumor 5.2 volt, \u00e9s volt egy mikro csom\u00f3pont. J\u00f3 szerencs\u00e9s a d\u00f6nt\u00e9ssel kapcsolatban, tudassa vel\u00fcnk, ha b\u00e1rmilyen m\u00f3don seg\u00edt\u00fcnk. Hugok, Marsha<\/p>\n<p> <strong>2007. augusztus 6., 06:34<\/strong> <strong>Lynn12<\/strong> \u00edrt:<\/p>\n<p>Amint azt m\u00e1sok is elmondt\u00e1k, a kemoter\u00e1pia megszerz\u00e9se a tumor \u00e9s a csom\u00f3pont \u00e1llapot\u00e1t\u00f3l f\u00fcgg. Nem hiszem, hogy ha mastekt\u00f3mia vagy lumpectomium van, hogy kapsz-e k\u00e9mia, akkor a sug\u00e1rz\u00e1s att\u00f3l f\u00fcgg, hogy melyik m\u0171t\u00e9tre (sug\u00e1rz\u00e1s w \/ lumpectomy, nem mastectomi\u00e1val) a legt\u00f6bb esetben. \u00c9n, mint Marsha, mastectomia, kemo \u00e9s sug\u00e1rz\u00e1s miatt a daganat nagys\u00e1ga (7,5 cm). A Chemo-nak meg kell \u00f6lnie azokat a r\u00e1kos sejteket, amelyek esetleg elhagyt\u00e1k a mell\u00e9t, \u00e9s a test m\u00e1s r\u00e9szein l\u00f3gnak. A Chemo nem sz\u00f3rakoztat\u00f3, de megval\u00f3s\u00edthat\u00f3.<\/p>\n<h2>Standard kezel\u00e9s  Klinikai vizsg\u00e1latok<\/h2>\n<p>Miel\u0151tt kiv\u00e1lasztan\u00e1 a kezel\u00e9si tervet, el\u0151sz\u00f6r meg kell \u00e9rtenie a k\u00fcl\u00f6nbs\u00e9get a standard kezel\u00e9s \u00e9s a klinikai vizsg\u00e1latok k\u00f6z\u00f6tt.<\/p>\n<p><ul>\n  <li><strong>Mellr\u00e1kos standard kezel\u00e9sek<\/strong> olyan m\u00f3dszerek, amelyeket a szak\u00e9rt\u0151k elfogadnak, elfogadottak \u00e9s sz\u00e9les k\u00f6rben haszn\u00e1lnak. Ezek a szabv\u00e1nyos elj\u00e1r\u00e1sok bizony\u00edtottan hasznosak a m\u00faltban a mellr\u00e1k elleni k\u00fczdelemben.<\/li>\n  <li>Egy eml\u0151r\u00e1k <strong>klinikai vizsg\u00e1lat<\/strong>, m\u00e1sr\u00e9szt egy j\u00f3v\u00e1hagyott kutat\u00e1si tanulm\u00e1ny, amely szerint egyes orvosok \u00fagy v\u00e9lik, er\u0151s potenci\u00e1llal rendelkezik a szok\u00e1sos kezel\u00e9sek jav\u00edt\u00e1sa \u00e9rdek\u00e9ben. Ha a klinikai vizsg\u00e1latok jobb eredm\u00e9nyeket mutatnak, mint a standard, akkor ez az \u00faj kezel\u00e9s lesz a standard. Ne felejts\u00fck el, hogy az \u00f6sszes jelenlegi szabv\u00e1nyunk egyszerre volt klinikai vizsg\u00e1lat.<\/li>\n<\/ul>\n<\/p>\n<p>Ha egy mellr\u00e1k klinikai vizsg\u00e1lata egy lehet\u0151s\u00e9g az \u00d6n sz\u00e1m\u00e1ra, az orvos megmagyar\u00e1zza a lehets\u00e9ges kompromisszumokat a pr\u00f3ba-kezel\u00e9ssel szemben a szok\u00e1sos kezel\u00e9ssel szemben. Az orvosi csapat\u00e1val egy\u00fctt el kell d\u00f6ntenie, hogy melyik kezel\u00e9si m\u00f3dszer a legjobb az \u00d6n \u00e9s az \u00d6n eg\u00e9szs\u00e9ge szempontj\u00e1b\u00f3l.<\/p>\n<h2>Mellr\u00e1k Standard kezel\u00e9sek szakaszonk\u00e9nt<\/h2>\n<p>Az \u00d6n kezel\u00e9si lehet\u0151s\u00e9gei a betegs\u00e9g \u00e1llapot\u00e1t\u00f3l \u00e9s az al\u00e1bbi t\u00e9nyez\u0151kt\u0151l f\u00fcggenek:<\/p>\n<p><ul>\n  <li>A daganat m\u00e9rete a mell\u00e9nek m\u00e9ret\u00e9hez k\u00e9pest<\/li>\n  <li>A specifikus patol\u00f3giai vizsg\u00e1latok eredm\u00e9nyei (hormon receptorok, HER2 receptorok, sejtek min\u0151s\u00e9ge, sejtek prolifer\u00e1ci\u00f3s sebess\u00e9ge)<\/li>\n  <li>Ak\u00e1r menopauza ment \u00e1t<\/li>\n  <li>Az \u00e1ltal\u00e1nos eg\u00e9szs\u00e9ged<\/li>\n  <li>A korod<\/li>\n  <li>Csal\u00e1dt\u00f6rt\u00e9net\u00e9t vagy m\u00e1s kock\u00e1zati t\u00e9nyez\u0151ket, amelyek a mell vagy petef\u00e9szekr\u00e1k kialakul\u00e1s\u00e1nak hajlam\u00e1t jelentik<\/li>\n<\/ul>\n<\/p>\n<p>Az al\u00e1bbiakban r\u00f6viden ismertetj\u00fck az egyes kezel\u00e9sek k\u00f6z\u00f6s kezel\u00e9s\u00e9t. N\u00e9h\u00e1ny n\u0151 sz\u00e1m\u00e1ra m\u00e1s kezel\u00e9sek is megfelel\u0151ek lehetnek. Kutat\u00e1si tanulm\u00e1nyok (klinikai vizsg\u00e1latok) lehetnek a mellr\u00e1k minden szakasz\u00e1ban.<\/p>\n<h3>0. szakasz (DCIS)<\/h3>\n<p>A legt\u00f6bb in situ dukt\u00e1lis karcin\u00f3ma (DCIS) nev\u0171 n\u0151, amelyet nem invaz\u00edv eml\u0151r\u00e1knak is neveznek, eml\u0151megtart\u00f3 m\u0171t\u00e9tet, m\u00e1s n\u00e9ven lumpectomi\u00e1t \u00e9s sug\u00e1rter\u00e1pi\u00e1t k\u00f6vet. Egyes 70 \u00e9v feletti n\u0151k eset\u00e9ben, akik korai diagnosztiz\u00e1lt eml\u0151r\u00e1kban szenvednek, \u00e9s a tumor hormonreceptor, pozit\u00edv lehet a sug\u00e1rter\u00e1pia lemond\u00e1sa. B\u00e1r a Stage 0 mellr\u00e1k a legkor\u00e1bbi, hogy a mellr\u00e1k diagnosztiz\u00e1lhat\u00f3, vannak olyan helyzetek, amelyekben sok DCIS van a mellsz\u00f6veten bel\u00fcl. Bizonyos esetekben sz\u00fcks\u00e9g lehet masztekt\u00f3mia elv\u00e9gz\u00e9s\u00e9re. Egyes n\u0151k v\u00e1laszthatnak masztekt\u00f3mia is. A DCIS-es n\u0151k kaphatnak tamoxifent a j\u00f6v\u0151ben az invaz\u00edv eml\u0151r\u00e1k kialakul\u00e1s\u00e1nak kock\u00e1zat\u00e1nak cs\u00f6kkent\u00e9se \u00e9rdek\u00e9ben. <br \/><\/p>\n<h3>1., 2., 3.A \u00e9s n\u00e9h\u00e1ny 3C<\/h3>\n<p>Az 1., a 2., a 3.A szakaszban vagy a 3C-es st\u00e1dium\u00fa eml\u0151r\u00e1kban szenved\u0151 n\u0151k kezel\u00e9sek kombin\u00e1ci\u00f3i lehetnek. <em>(M\u0171k\u00f6d\u0151k\u00e9pes azt jelenti, hogy a r\u00e1k m\u0171t\u00e9ttel kezelhet\u0151k.)<\/em><\/p>\n<p>Vannak, akiknek eml\u0151megtart\u00f3 m\u0171t\u00e9t\u00fck van, amit sug\u00e1rkezel\u00e9s k\u00f6vet az eml\u0151ben. Ez a v\u00e1laszt\u00e1s gyakori az I. vagy II. Vannak, akik \u00fagy d\u00f6nthetnek, hogy masztekt\u00f3mia van. Mindk\u00e9t megk\u00f6zel\u00edt\u00e9sben a n\u0151k (k\u00fcl\u00f6n\u00f6sen a II. Vagy IIIA. St\u00e1dium\u00fa eml\u0151r\u00e1kos betegek) gyakran nyirokcsom\u00f3kkal rendelkeznek a kar alatt.<\/p>\n<p>A masztectomia ut\u00e1n alkalmazott sug\u00e1rter\u00e1pia f\u00fcgg a r\u00e1k terjedelm\u00e9t\u0151l. Ha r\u00e1ksejteket tal\u00e1ltak a kar alatti 1-3 nyirokcsom\u00f3ban, vagy ha az eml\u0151 daganata nagy, akkor az orvos n\u00e9ha sug\u00e1rter\u00e1pi\u00e1t javasol a mastectomia ut\u00e1n. Ha a r\u00e1kos sejteket t\u00f6bb mint 3 nyirokcsom\u00f3ban tal\u00e1lt\u00e1k a kar alatt \u00e9s \/ vagy a tumor nagyon k\u00f6zel van a mellkashoz, az orvos \u00e1ltal\u00e1ban mastectomia ut\u00e1n sug\u00e1rter\u00e1pi\u00e1t javasol.<\/p>\n<p>Az eml\u0151r\u00e9st megtart\u00f3 m\u0171t\u00e9t (majd a sug\u00e1rkezel\u00e9s) \u00e9s a masztekt\u00f3mia v\u00e1laszt\u00e1sa sz\u00e1mos t\u00e9nyez\u0151t\u0151l f\u00fcgg:<\/p>\n<p><ul>\n  <li>A daganat nagys\u00e1ga a mell m\u00e9ret\u00e9hez viszony\u00edtva<\/li>\n  <li>A daganat helye a mell alatt<\/li>\n  <li>A t\u00f6bbsz\u00f6r\u00f6s daganatok megtal\u00e1lhat\u00f3k-e a mellben (ami mastectomia sz\u00fcks\u00e9ges)<\/li>\n  <li>Legyen a beteg mellr\u00e1kos g\u00e9nt hordoz<\/li>\n  <li>A r\u00e1k egyes funkci\u00f3i<\/li>\n  <li>Hogyan \u00e9rzi mag\u00e1t a n\u0151 a m\u0171t\u00e9ttel kapcsolatban, ami megv\u00e1ltoztatja az eml\u0151 megjelen\u00e9s\u00e9t<\/li>\n  <li>Hogyan \u00e9rzi a n\u0151 a sug\u00e1rkezel\u00e9st?<\/li>\n  <li>A n\u0151 azon k\u00e9pess\u00e9ge, hogy egy sug\u00e1rkezel\u0151 k\u00f6zpontba utazik<\/li>\n  <li>A beteg kora<\/li>\n  <li>A beteg eg\u00e9szs\u00e9gi \u00e1llapota<\/li>\n<\/ul>\n<\/p>\n<p>Fontos megjegyezni, hogy egyes n\u0151k \u00fagy d\u00f6ntenek, hogy bilater\u00e1lis mastectomi\u00e1kat hoznak l\u00e9tre a lelki nyugalom\u00e9rt. B\u00e1r az eml\u00f4r\u00e1kban ismert genetikai ok n\u00e9lk\u00fcli n\u00f4k viszonylag alacsony ar\u00e1nyban \u00e1llnak az eml\u00f4r\u00e1k kialakul\u00e1s\u00e1ban az ellenkez\u00f4 eg\u00e9szs\u00e9ges eml\u00f4ben, m\u00e9g mindig van olyan tendencia, hogy a n\u00f4k a k\u00e9toldali mastectomi\u00e1t v\u00e1lasztj\u00e1k azonnali rekonstrukci\u00f3val.<\/p>\n<p>Az eml\u0151r\u00e1k rekonstrukci\u00f3ja az eg\u00e9szs\u00e9gbiztos\u00edt\u00f3k \u00e1ltal fedezett ell\u00e1t\u00e1s, \u00e9s az 1998-ban \u00e1t\u00fcltetett sz\u00f6vets\u00e9gi t\u00f6rv\u00e9ny hat\u00e1lya al\u00e1 tartozik az eml\u0151r\u00e1kkal diagnosztiz\u00e1lt n\u0151k eset\u00e9ben. Nem kozmetikai m\u0171t\u00e9tnek sz\u00e1m\u00edt, hanem egy n\u0151 kezel\u00e9s\u00e9nek egy r\u00e9sze, hogy vissza\u00e1ll\u00edtsa a sziluettj\u00e9t \u00e9s a pszichol\u00f3giai j\u00f3l\u00e9t\u00e9t.<\/p>\n<p>N\u00e9h\u00e1ny n\u0151 kemoter\u00e1pi\u00e1val rendelkezik a m\u0171t\u00e9t el\u0151tt. Ez a neoadjuv\u00e1ns ter\u00e1pia (kezel\u00e9s a kezel\u00e9s el\u0151tt). A seb\u00e9szeti beavatkoz\u00e1s el\u0151tt v\u00e9gzett kemoter\u00e1pia nagy daganatot sz\u0171nik meg, \u00edgy az eml\u0151r\u00e1k ment\u00e9se lehets\u00e9ges. A nagy II-es vagy IIIA-es eml\u0151daganatos n\u0151kn\u00e9l gyakran aj\u00e1nlott v\u00e1lasztani ezt a kezel\u00e9st.<\/p>\n<p>A m\u0171t\u00e9t ut\u00e1n sz\u00e1mos n\u0151 adjuv\u00e1ns ter\u00e1pi\u00e1t kap. Az adjuv\u00e1ns ter\u00e1pia a f\u0151 kezel\u00e9s ut\u00e1n adott kezel\u00e9s annak \u00e9rdek\u00e9ben, hogy cs\u00f6kkentse az eml\u0151r\u00e1k visszat\u00e9r\u00e9s\u00e9nek es\u00e9ly\u00e9t. A sug\u00e1rkezel\u00e9s helyi ter\u00e1pia, amely meg\u00f6li az esetleges r\u00e1kos sejteket a mellben \u00e9s annak k\u00f6zel\u00e9ben. A n\u0151k hormonkezel\u00e9ssel, kemoter\u00e1pi\u00e1val, c\u00e9lzott ter\u00e1pi\u00e1val vagy kombin\u00e1ci\u00f3val is rendelkezhetnek. Ezek a sziszt\u00e9m\u00e1s ter\u00e1pi\u00e1k elpuszt\u00edthatj\u00e1k a szervezetben b\u00e1rhol maradt r\u00e1kos sejteket. Megakad\u00e1lyozhatj\u00e1k vagy k\u00e9sleltethetik a r\u00e1k visszatart\u00e1s\u00e1t a mellben vagy m\u00e1sutt. <br \/><\/p>\n<h3>A 3B. Szakasz \u00e9s n\u00e9h\u00e1ny 3C<\/h3>\n<p>A 3B. St\u00e1dium\u00fa n\u0151k (bele\u00e9rtve a gyullad\u00e1sos mellr\u00e1kot is) vagy a nem m\u0171k\u00f6d\u0151k\u00e9pes 3C-es st\u00e1dium\u00fa eml\u0151carcinoma kemoter\u00e1pi\u00e1val el\u0151sz\u00f6r, majd m\u00e1s kezel\u00e9sekre is lehet\u0151s\u00e9g ny\u00edlik. (Inoperabilit\u00e1s azt jelenti, hogy a r\u00e1k nem kezelhet\u0151 m\u0171t\u00e9ttel, an\u00e9lk\u00fcl, hogy el\u0151sz\u00f6r zsugorodna a tumor).<\/p>\n<p>Ha a kemoter\u00e1pia vagy a c\u00e9lzott ter\u00e1pia zsugorodik a daganattal, akkor a m\u0171t\u00e9t lehet\u00f5v\u00e9 v\u00e1lik:<\/p>\n<p><ul>\n  <li><strong>A mell elt\u00e1vol\u00edt\u00e1sa:<\/strong> A seb\u00e9sz elt\u00e1vol\u00edtja a mell\u00e9t. A legt\u00f6bb esetben a kar alatti nyirokcsom\u00f3kat elt\u00e1vol\u00edtj\u00e1k, \u00fagynevezett axill\u00e1ris csom\u00f3pontok disszekci\u00f3ja. Mastectomia ut\u00e1n egy n\u0151 sug\u00e1rter\u00e1pi\u00e1t kaphat a mellkas \u00e9s a h\u00f3nalj ter\u00fclet\u00e9re.<\/li>\n  <li><strong>Mellkagyl\u00f3 m\u0171t\u00e9t:<\/strong> Ritka esetekben a seb\u00e9sz elt\u00e1vol\u00edtja a r\u00e1kot, de nem a mell\u00e9t. A kar alatti nyirokcsom\u00f3kat \u00e1ltal\u00e1ban elt\u00e1vol\u00edtj\u00e1k. A m\u0171t\u00e9t ut\u00e1n a n\u0151 sug\u00e1rter\u00e1pi\u00e1t kaphat a mell \u00e9s a h\u00f3nalj ter\u00fclet\u00e9re. Lehets\u00e9ges ez a helyzet a III. St\u00e1dium\u00fa eml\u0151r\u00e1knak, ha neoadjuv\u00e1ns kemoter\u00e1pi\u00e1t kapott, \u00e9s a tumor sikeresen cs\u00f6kkent. A gyullad\u00e1sos mellr\u00e1kban szenved\u0151 n\u0151k soha nem jel\u00f6lt\u00e9k meg a mellmegtart\u00f3 m\u0171t\u00e9tet, annak ellen\u00e9re, hogy kemoter\u00e1pi\u00e1t kapnak. Ennek az az oka, hogy az eml\u0151r\u00e1k az eml\u0151 b\u0151re alatt kezd\u0151d\u00f6tt; ez\u00e9rt az \u00f6sszes b\u0151rt m\u0171t\u00e9ti \u00faton kell elt\u00e1vol\u00edtani.<\/li>\n<\/ul>\n<\/p>\n<p>A seb\u00e9szeti beavatkoz\u00e1s ut\u00e1n az orvos val\u00f3sz\u00edn\u0171leg kemoter\u00e1pi\u00e1t, c\u00e9lzott ter\u00e1pi\u00e1t, hormonter\u00e1pi\u00e1t vagy kombin\u00e1ci\u00f3t aj\u00e1nl. Ez a kezel\u00e9s seg\u00edthet megakad\u00e1lyozni, hogy a betegs\u00e9g visszat\u00e9rjen a mellbe vagy m\u00e1shol.<\/p>\n<h3>4. szakasz \u00e9s visszat\u00e9r\u0151<\/h3>\n<p>A 4. st\u00e1dium\u00fa eml\u0151r\u00e1kkal kezelt n\u0151k kezel\u00e9se a daganat helyre\u00e1ll\u00edt\u00e1sa alapj\u00e1n t\u00f6rt\u00e9nik. Ha a r\u00e1k a mellkasban vagy a mellm\u0171t\u00e9ten bel\u00fcl maradt, akkor az orvos javasolhat m\u0171t\u00e9tet, sug\u00e1rter\u00e1pi\u00e1t, kemoter\u00e1pi\u00e1t, hormonter\u00e1pi\u00e1t vagy kombin\u00e1ci\u00f3t.<\/p>\n<p>A 4. st\u00e1dium\u00fa eml\u0151r\u00e1kkal vagy a csontokkal, m\u00e1jjal vagy m\u00e1s ter\u00fcletekkel terjed\u0151, ism\u00e9tl\u0151d\u0151 r\u00e1kban szenved\u0151 n\u0151k \u00e1ltal\u00e1ban hormonter\u00e1pi\u00e1val, kemoter\u00e1pi\u00e1val, c\u00e9lzott ter\u00e1pi\u00e1val vagy kombin\u00e1ci\u00f3val rendelkeznek. Sug\u00e1rter\u00e1pi\u00e1t alkalmazhatunk a test egyes r\u00e9szeiben a daganatok szab\u00e1lyoz\u00e1s\u00e1ra. Ezek a kezel\u00e9sek val\u00f3sz\u00edn\u0171leg nem gy\u00f3gy\u00edtj\u00e1k meg a betegs\u00e9get, de seg\u00edthetnek abban, hogy egy n\u0151 hosszabb ideig \u00e9ljen.<\/p>\n<p>Sok n\u0151nek t\u00e1mogat\u00f3 ell\u00e1t\u00e1sra van sz\u00fcks\u00e9ge r\u00e1kellenes kezel\u00e9sekkel egy\u00fctt. A r\u00e1kellenes kezel\u00e9sek lehet\u0151v\u00e9 teszik a betegs\u00e9g el\u0151rehalad\u00e1s\u00e1nak lass\u00edt\u00e1s\u00e1t, \u00e9s lehet\u0151s\u00e9g szerint a r\u00e1k kezel\u00e9s\u00e9re, kr\u00f3nikus betegs\u00e9gk\u00e9nt kezelve. A t\u00e1mogat\u00f3 ell\u00e1t\u00e1s seg\u00edt a f\u00e1jdalom, a r\u00e1k egy\u00e9b t\u00fcnetei vagy a kezel\u00e9s mell\u00e9khat\u00e1sainak (pl. \u00c9melyg\u00e9s) kezel\u00e9s\u00e9ben. Ez a gondoz\u00e1s seg\u00edthet abban, hogy egy n\u0151 jobban \u00e9rzi mag\u00e1t fizikailag \u00e9s \u00e9rzelmileg. A t\u00e1mogat\u00f3 ell\u00e1t\u00e1s nem c\u00e9lja az \u00e9let meghosszabb\u00edt\u00e1sa. N\u00e9h\u00e1ny, fejlett r\u00e1kkal rendelkez\u0151 n\u0151 \u00fagy d\u00f6nt, hogy csak t\u00e1mogat\u00f3 ell\u00e1t\u00e1sban r\u00e9szes\u00fcl. Ma egyre t\u00f6bb kutat\u00e1s folyik a 4. st\u00e1dium\u00fa eml\u0151r\u00e1k tekintet\u00e9ben, ami n\u00f6veli a metasztatikus eml\u0151r\u00e1kos betegek kezel\u00e9si lehet\u0151s\u00e9g\u00e9t. Nem szokatlan, k\u00fcl\u00f6n\u00f6sen azokn\u00e1l a n\u0151kn\u00e9l, akikn\u00e9l a tumorok \u00f6sztrog\u00e9nreceptorok pozit\u00edvak, egy \u00e9vtizedig vagy tov\u00e1bb \u00e9lnek, mik\u00f6zben fenntartj\u00e1k az \u00e9letmin\u0151s\u00e9get.<\/p>\n","type":"rich"}